{"id":70,"date":"2020-07-12T21:28:40","date_gmt":"2020-07-12T21:28:40","guid":{"rendered":"http:\/\/sabine.lisaschmoelzer.at\/?page_id=70"},"modified":"2025-06-24T08:13:54","modified_gmt":"2025-06-24T08:13:54","slug":"kontakt","status":"publish","type":"page","link":"http:\/\/sabineschmoelzer.at\/?page_id=70","title":{"rendered":"Kontakt"},"content":{"rendered":"\n<h2>Kontakt<\/h2>\n\n\n\n<p><br>Univ.-Prof. Mag. Dr. Sabine Schm\u00f6lzer-Eibinger<br>Karl-Franzens Universit\u00e4t Graz<br>Universit\u00e4tsplatz 3\/I, 8010 Graz<br>sabine.schmoelzer (at) uni-graz.at<br>+43 (0) 316 &#8211; 380 8393<\/p>\n\n\n\n<br><br>\n\n\n\n<h2>Links<\/h2>\n\n\n\n<p><br><a rel=\"noreferrer noopener\" href=\"https:\/\/www.uni-graz.at\/de\/\" target=\"_blank\">Karl Franzens-Universit\u00e4t Graz<\/a><br><a href=\"https:\/\/fachdidaktikzentrum-daz.uni-graz.at\/de\/\" target=\"_blank\" rel=\"noreferrer noopener\">Fachdidaktikzentrum Deutsch als Zweitsprache &amp; Sprachliche Bildung<\/a><br><a href=\"https:\/\/future-education.uni-graz.at\/de\/\" target=\"_blank\" rel=\"noreferrer noopener\">Future Education \u2013 Forschungsnetzwerk der Universit\u00e4t Graz<\/a><br><a rel=\"noreferrer noopener\" href=\"https:\/\/habilitationsforum-fachdidaktik.uni-graz.at\/de\/\" target=\"_blank\">Habilitationsforum Fachdidaktik &amp; Unterrichtsforschung<\/a><br><a rel=\"noreferrer noopener\" href=\"https:\/\/www.uniforlife.at\/de\/daf-daz\/\" target=\"_blank\">Universit\u00e4tslehrgang Deutsch als Fremd-\/Zweitsprache<\/a><\/p>\n","protected":false},"excerpt":{"rendered":"<p>Kontakt Univ.-Prof. Mag. Dr. Sabine Schm\u00f6lzer-EibingerKarl-Franzens Universit\u00e4t GrazUniversit\u00e4tsplatz 3\/I, 8010 Grazsabine.schmoelzer (at) uni-graz.at+43 (0) 316 &#8211; 380 8393 Links Karl Franzens-Universit\u00e4t GrazFachdidaktikzentrum Deutsch als Zweitsprache &amp; Sprachliche BildungFuture Education \u2013 Forschungsnetzwerk der Universit\u00e4t GrazHabilitationsforum Fachdidaktik &amp; UnterrichtsforschungUniversit\u00e4tslehrgang Deutsch als Fremd-\/Zweitsprache<\/p>\n","protected":false},"author":1,"featured_media":0,"parent":0,"menu_order":0,"comment_status":"closed","ping_status":"closed","template":"page-full-width.php","meta":[],"_links":{"self":[{"href":"http:\/\/sabineschmoelzer.at\/index.php?rest_route=\/wp\/v2\/pages\/70"}],"collection":[{"href":"http:\/\/sabineschmoelzer.at\/index.php?rest_route=\/wp\/v2\/pages"}],"about":[{"href":"http:\/\/sabineschmoelzer.at\/index.php?rest_route=\/wp\/v2\/types\/page"}],"author":[{"embeddable":true,"href":"http:\/\/sabineschmoelzer.at\/index.php?rest_route=\/wp\/v2\/users\/1"}],"replies":[{"embeddable":true,"href":"http:\/\/sabineschmoelzer.at\/index.php?rest_route=%2Fwp%2Fv2%2Fcomments&post=70"}],"version-history":[{"count":5,"href":"http:\/\/sabineschmoelzer.at\/index.php?rest_route=\/wp\/v2\/pages\/70\/revisions"}],"predecessor-version":[{"id":413,"href":"http:\/\/sabineschmoelzer.at\/index.php?rest_route=\/wp\/v2\/pages\/70\/revisions\/413"}],"wp:attachment":[{"href":"http:\/\/sabineschmoelzer.at\/index.php?rest_route=%2Fwp%2Fv2%2Fmedia&parent=70"}],"curies":[{"name":"wp","href":"https:\/\/api.w.org\/{rel}","templated":true}]}}